{"id":9817,"date":"2025-12-18T13:00:56","date_gmt":"2025-12-18T13:00:56","guid":{"rendered":"https:\/\/ipkmasht.rks-gov.net\/konferencat-2\/"},"modified":"2026-04-02T10:13:30","modified_gmt":"2026-04-02T10:13:30","slug":"konferencat-2","status":"publish","type":"page","link":"https:\/\/ipkmasht.rks-gov.net\/en\/konferencat-2\/","title":{"rendered":"Conferences"},"content":{"rendered":"<div data-elementor-type=\"wp-page\" data-elementor-id=\"9817\" class=\"elementor elementor-9817 elementor-8834\">\n\t\t\t\t<div class=\"elementor-element elementor-element-32111a15 e-grid elementor-hidden-desktop elementor-hidden-tablet elementor-hidden-mobile e-con-boxed e-con e-parent\" data-id=\"32111a15\" data-element_type=\"container\" data-e-type=\"container\" data-settings=\"{&quot;background_background&quot;:&quot;classic&quot;}\">\n\t\t\t\t\t<div class=\"e-con-inner\">\n\t\t<div class=\"elementor-element elementor-element-54fa0c07 e-flex e-con-boxed e-con e-child\" data-id=\"54fa0c07\" data-element_type=\"container\" data-e-type=\"container\" data-settings=\"{&quot;background_background&quot;:&quot;classic&quot;}\">\n\t\t\t\t\t<div class=\"e-con-inner\">\n\t\t\t\t<div class=\"elementor-element elementor-element-a23bf59 elementor-widget elementor-widget-tm-heading\" data-id=\"a23bf59\" data-element_type=\"widget\" data-e-type=\"widget\" data-widget_type=\"tm-heading.default\">\n\t\t\t\t<div class=\"elementor-widget-container\">\n\t\t\t\t\t\t\t<div class=\"tm-modern-heading\">\n\t\t\t\n\t\t\t\t\t<div class=\"heading-primary-wrap\">\n\t\t\t<h2 class=\"heading-primary elementor-heading-title\"><a href=\"https:\/\/ipkmasht.rks-gov.net\/en\/zhvillimi-profesional-i-mesimdhenesve-ne-karriere-praktikat-sfidat-dhe-mundesite\/\">Konferencat 2026<\/a><\/h2>\t\t<\/div>\n\t\t\n\t\t\t\n\t\t\t\t\t<\/div>\n\t\t\t\t\t\t<\/div>\n\t\t\t\t<\/div>\n\t\t<div class=\"elementor-element elementor-element-6815438 e-con-full e-flex e-con e-child\" data-id=\"6815438\" data-element_type=\"container\" data-e-type=\"container\" data-settings=\"{&quot;background_background&quot;:&quot;classic&quot;}\">\n\t\t\t\t<div class=\"elementor-element elementor-element-4397936e elementor-widget__width-initial elementor-widget elementor-widget-image\" data-id=\"4397936e\" data-element_type=\"widget\" data-e-type=\"widget\" data-widget_type=\"image.default\">\n\t\t\t\t<div class=\"elementor-widget-container\">\n\t\t\t\t\t\t\t\t\t\t\t\t\t\t\t\t<a href=\"https:\/\/ipkmasht.rks-gov.net\/en\/zhvillimi-profesional-i-mesimdhenesve-ne-karriere-praktikat-sfidat-dhe-mundesite\/\">\n\t\t\t\t\t\t\t<img fetchpriority=\"high\" decoding=\"async\" width=\"300\" height=\"300\" src=\"https:\/\/ipkmasht.rks-gov.net\/wp-content\/uploads\/2025\/12\/226206824_279860577273957_275840387616997729_n-300x300.jpg\" class=\"attachment-medium size-medium wp-image-8970\" alt=\"\" srcset=\"https:\/\/ipkmasht.rks-gov.net\/wp-content\/uploads\/2025\/12\/226206824_279860577273957_275840387616997729_n-300x300.jpg 300w, https:\/\/ipkmasht.rks-gov.net\/wp-content\/uploads\/2025\/12\/226206824_279860577273957_275840387616997729_n-1024x1024.jpg 1024w, https:\/\/ipkmasht.rks-gov.net\/wp-content\/uploads\/2025\/12\/226206824_279860577273957_275840387616997729_n-150x150.jpg 150w, https:\/\/ipkmasht.rks-gov.net\/wp-content\/uploads\/2025\/12\/226206824_279860577273957_275840387616997729_n-768x768.jpg 768w, https:\/\/ipkmasht.rks-gov.net\/wp-content\/uploads\/2025\/12\/226206824_279860577273957_275840387616997729_n-1536x1536.jpg 1536w, https:\/\/ipkmasht.rks-gov.net\/wp-content\/uploads\/2025\/12\/226206824_279860577273957_275840387616997729_n-12x12.jpg 12w, https:\/\/ipkmasht.rks-gov.net\/wp-content\/uploads\/2025\/12\/226206824_279860577273957_275840387616997729_n.jpg 2048w\" sizes=\"(max-width: 300px) 100vw, 300px\" \/>\t\t\t\t\t\t\t\t<\/a>\n\t\t\t\t\t\t\t\t\t\t\t\t\t\t\t<\/div>\n\t\t\t\t<\/div>\n\t\t\t\t<div class=\"elementor-element elementor-element-576e9bd6 elementor-widget elementor-widget-tm-heading\" data-id=\"576e9bd6\" data-element_type=\"widget\" data-e-type=\"widget\" data-widget_type=\"tm-heading.default\">\n\t\t\t\t<div class=\"elementor-widget-container\">\n\t\t\t\t\t\t\t<div class=\"tm-modern-heading\">\n\t\t\t\t\t<div class=\"heading-secondary-wrap\">\n\t\t\t<h5 class=\"heading-secondary elementor-heading-title\"><a href=\"https:\/\/ipkmasht.rks-gov.net\/en\/zhvillimi-profesional-i-mesimdhenesve-ne-karriere-praktikat-sfidat-dhe-mundesite\/\">Zhvillimi profesional i m\u00ebsimdh\u00ebn\u00ebsve n\u00eb karrier\u00eb: praktikat, sfidat dhe mund\u00ebsit\u00eb <\/a><\/h5>\t\t<\/div>\n\t\t\n\t\t\t\n\t\t\t\n\t\t\t\t\t<\/div>\n\t\t\t\t\t\t<\/div>\n\t\t\t\t<\/div>\n\t\t\t\t<\/div>\n\t\t\t\t\t<\/div>\n\t\t\t\t<\/div>\n\t\t<a class=\"elementor-element elementor-element-73feba5 e-con-full e-flex e-con e-child\" data-id=\"73feba5\" data-element_type=\"container\" data-e-type=\"container\" data-settings=\"{&quot;background_background&quot;:&quot;classic&quot;}\" href=\"https:\/\/ipkmasht.rks-gov.net\/en\/zhvillimi-profesional-i-mesimdhenesve-ne-karriere-praktikat-sfidat-dhe-mundesite\/\">\n\t\t\t\t<\/a>\n\t\t\t\t\t<\/div>\n\t\t\t\t<\/div>\n\t\t<div class=\"elementor-element elementor-element-93a810d elementor-hidden-desktop elementor-hidden-tablet elementor-hidden-mobile e-flex e-con-boxed e-con e-parent\" data-id=\"93a810d\" data-element_type=\"container\" data-e-type=\"container\" data-settings=\"{&quot;background_background&quot;:&quot;classic&quot;}\">\n\t\t\t\t\t<div class=\"e-con-inner\">\n\t\t<div class=\"elementor-element elementor-element-3db73b7 e-con-full e-flex e-con e-child\" data-id=\"3db73b7\" data-element_type=\"container\" data-e-type=\"container\">\n\t\t\t\t<div class=\"elementor-element elementor-element-705f3d7 elementor-widget elementor-widget-tm-heading\" data-id=\"705f3d7\" data-element_type=\"widget\" data-e-type=\"widget\" data-widget_type=\"tm-heading.default\">\n\t\t\t\t<div class=\"elementor-widget-container\">\n\t\t\t\t\t\t\t<div class=\"tm-modern-heading\">\n\t\t\t\n\t\t\t\t\t<div class=\"heading-primary-wrap\">\n\t\t\t<h2 class=\"heading-primary elementor-heading-title\">Konferencat 2025<\/h2>\t\t<\/div>\n\t\t\n\t\t\t\n\t\t\t\t\t<\/div>\n\t\t\t\t\t\t<\/div>\n\t\t\t\t<\/div>\n\t\t\t\t<\/div>\n\t\t<div class=\"elementor-element elementor-element-d48bcd4 e-con-full e-flex e-con e-child\" data-id=\"d48bcd4\" data-element_type=\"container\" data-e-type=\"container\">\n\t\t\t\t<\/div>\n\t\t<div class=\"elementor-element elementor-element-1e2f49d e-con-full elementor-hidden-mobile e-flex e-con e-child\" data-id=\"1e2f49d\" data-element_type=\"container\" data-e-type=\"container\">\n\t\t\t\t<div class=\"elementor-element elementor-element-c1b4c4f elementor-widget elementor-widget-tm-heading\" data-id=\"c1b4c4f\" data-element_type=\"widget\" data-e-type=\"widget\" data-widget_type=\"tm-heading.default\">\n\t\t\t\t<div class=\"elementor-widget-container\">\n\t\t\t\t\t\t\t<div class=\"tm-modern-heading\">\n\t\t\t\n\t\t\t\t\t<div class=\"heading-primary-wrap\">\n\t\t\t<h2 class=\"heading-primary elementor-heading-title\">Konferencat 2024<\/h2>\t\t<\/div>\n\t\t\n\t\t\t\n\t\t\t\t\t<\/div>\n\t\t\t\t\t\t<\/div>\n\t\t\t\t<\/div>\n\t\t\t\t<\/div>\n\t\t<div class=\"elementor-element elementor-element-6941bd7 e-con-full e-flex e-con e-child\" data-id=\"6941bd7\" data-element_type=\"container\" data-e-type=\"container\" data-settings=\"{&quot;background_background&quot;:&quot;classic&quot;}\">\n\t\t\t\t<div class=\"elementor-element elementor-element-9eb6ba5 elementor-widget__width-initial elementor-widget elementor-widget-image\" data-id=\"9eb6ba5\" data-element_type=\"widget\" data-e-type=\"widget\" data-widget_type=\"image.default\">\n\t\t\t\t<div class=\"elementor-widget-container\">\n\t\t\t\t\t\t\t\t\t\t\t\t\t\t\t\t<a href=\"\/en\/arsimi-gjate-gjithe-jetes-qasje-gjitheperfshirese-nga-femijeria-e-hershme-deri-tek-arsimi-profesional\/\">\n\t\t\t\t\t\t\t<img fetchpriority=\"high\" decoding=\"async\" width=\"300\" height=\"300\" src=\"https:\/\/ipkmasht.rks-gov.net\/wp-content\/uploads\/2025\/12\/226206824_279860577273957_275840387616997729_n-300x300.jpg\" class=\"attachment-medium size-medium wp-image-8970\" alt=\"\" srcset=\"https:\/\/ipkmasht.rks-gov.net\/wp-content\/uploads\/2025\/12\/226206824_279860577273957_275840387616997729_n-300x300.jpg 300w, https:\/\/ipkmasht.rks-gov.net\/wp-content\/uploads\/2025\/12\/226206824_279860577273957_275840387616997729_n-1024x1024.jpg 1024w, https:\/\/ipkmasht.rks-gov.net\/wp-content\/uploads\/2025\/12\/226206824_279860577273957_275840387616997729_n-150x150.jpg 150w, https:\/\/ipkmasht.rks-gov.net\/wp-content\/uploads\/2025\/12\/226206824_279860577273957_275840387616997729_n-768x768.jpg 768w, https:\/\/ipkmasht.rks-gov.net\/wp-content\/uploads\/2025\/12\/226206824_279860577273957_275840387616997729_n-1536x1536.jpg 1536w, https:\/\/ipkmasht.rks-gov.net\/wp-content\/uploads\/2025\/12\/226206824_279860577273957_275840387616997729_n-12x12.jpg 12w, https:\/\/ipkmasht.rks-gov.net\/wp-content\/uploads\/2025\/12\/226206824_279860577273957_275840387616997729_n.jpg 2048w\" sizes=\"(max-width: 300px) 100vw, 300px\" \/>\t\t\t\t\t\t\t\t<\/a>\n\t\t\t\t\t\t\t\t\t\t\t\t\t\t\t<\/div>\n\t\t\t\t<\/div>\n\t\t\t\t<div class=\"elementor-element elementor-element-e5c223a elementor-widget elementor-widget-tm-heading\" data-id=\"e5c223a\" data-element_type=\"widget\" data-e-type=\"widget\" data-widget_type=\"tm-heading.default\">\n\t\t\t\t<div class=\"elementor-widget-container\">\n\t\t\t\t\t\t\t<div class=\"tm-modern-heading\">\n\t\t\t\t\t<div class=\"heading-secondary-wrap\">\n\t\t\t<h5 class=\"heading-secondary elementor-heading-title\">Arsimi gjat\u00eb gjith\u00eb jet\u00ebs: qasje gjith\u00ebp\u00ebrfshir\u00ebse nga f\u00ebmij\u00ebria e hershme deri tek arsimi profesional\n<\/h5>\t\t<\/div>\n\t\t\n\t\t\t\n\t\t\t\n\t\t\t\t\t<\/div>\n\t\t\t\t\t\t<\/div>\n\t\t\t\t<\/div>\n\t\t\t\t<\/div>\n\t\t<div class=\"elementor-element elementor-element-cebad86 e-con-full e-flex e-con e-child\" data-id=\"cebad86\" data-element_type=\"container\" data-e-type=\"container\">\n\t\t\t\t<div class=\"elementor-element elementor-element-7cb8ad1 elementor-hidden-desktop elementor-hidden-tablet elementor-widget elementor-widget-tm-heading\" data-id=\"7cb8ad1\" data-element_type=\"widget\" data-e-type=\"widget\" data-widget_type=\"tm-heading.default\">\n\t\t\t\t<div class=\"elementor-widget-container\">\n\t\t\t\t\t\t\t<div class=\"tm-modern-heading\">\n\t\t\t\n\t\t\t\t\t<div class=\"heading-primary-wrap\">\n\t\t\t<h2 class=\"heading-primary elementor-heading-title\">Konferencat 2024<\/h2>\t\t<\/div>\n\t\t\n\t\t\t\n\t\t\t\t\t<\/div>\n\t\t\t\t\t\t<\/div>\n\t\t\t\t<\/div>\n\t\t\t\t<\/div>\n\t\t<div class=\"elementor-element elementor-element-82ace85 e-con-full e-flex e-con e-child\" data-id=\"82ace85\" data-element_type=\"container\" data-e-type=\"container\" data-settings=\"{&quot;background_background&quot;:&quot;classic&quot;}\">\n\t\t\t\t<div class=\"elementor-element elementor-element-cf751a5 elementor-widget__width-initial elementor-widget elementor-widget-image\" data-id=\"cf751a5\" data-element_type=\"widget\" data-e-type=\"widget\" data-widget_type=\"image.default\">\n\t\t\t\t<div class=\"elementor-widget-container\">\n\t\t\t\t\t\t\t\t\t\t\t\t\t\t\t\t<a href=\"\/en\/konferencat-2\/vleresimet-kombetare-dhe-nderkombetare-ne-arsimin-parauniversitar-ne-kosove-pervojat-dhe-perspektiva-per-te-ardhmen\/\">\n\t\t\t\t\t\t\t<img fetchpriority=\"high\" decoding=\"async\" width=\"300\" height=\"300\" src=\"https:\/\/ipkmasht.rks-gov.net\/wp-content\/uploads\/2025\/12\/226206824_279860577273957_275840387616997729_n-300x300.jpg\" class=\"attachment-medium size-medium wp-image-8970\" alt=\"\" srcset=\"https:\/\/ipkmasht.rks-gov.net\/wp-content\/uploads\/2025\/12\/226206824_279860577273957_275840387616997729_n-300x300.jpg 300w, https:\/\/ipkmasht.rks-gov.net\/wp-content\/uploads\/2025\/12\/226206824_279860577273957_275840387616997729_n-1024x1024.jpg 1024w, https:\/\/ipkmasht.rks-gov.net\/wp-content\/uploads\/2025\/12\/226206824_279860577273957_275840387616997729_n-150x150.jpg 150w, https:\/\/ipkmasht.rks-gov.net\/wp-content\/uploads\/2025\/12\/226206824_279860577273957_275840387616997729_n-768x768.jpg 768w, https:\/\/ipkmasht.rks-gov.net\/wp-content\/uploads\/2025\/12\/226206824_279860577273957_275840387616997729_n-1536x1536.jpg 1536w, https:\/\/ipkmasht.rks-gov.net\/wp-content\/uploads\/2025\/12\/226206824_279860577273957_275840387616997729_n-12x12.jpg 12w, https:\/\/ipkmasht.rks-gov.net\/wp-content\/uploads\/2025\/12\/226206824_279860577273957_275840387616997729_n.jpg 2048w\" sizes=\"(max-width: 300px) 100vw, 300px\" \/>\t\t\t\t\t\t\t\t<\/a>\n\t\t\t\t\t\t\t\t\t\t\t\t\t\t\t<\/div>\n\t\t\t\t<\/div>\n\t\t\t\t<div class=\"elementor-element elementor-element-d6e7bee elementor-widget elementor-widget-tm-heading\" data-id=\"d6e7bee\" data-element_type=\"widget\" data-e-type=\"widget\" data-widget_type=\"tm-heading.default\">\n\t\t\t\t<div class=\"elementor-widget-container\">\n\t\t\t\t\t\t\t<div class=\"tm-modern-heading\">\n\t\t\t\t\t<div class=\"heading-secondary-wrap\">\n\t\t\t<h5 class=\"heading-secondary elementor-heading-title\">Vler\u00ebsimet komb\u00ebtare dhe nd\u00ebrkomb\u00ebtare n\u00eb arsimin parauniversitar n\u00eb Kosov\u00eb: p\u00ebrvojat dhe perspektiva p\u00ebr t\u00eb ardhmen<\/h5>\t\t<\/div>\n\t\t\n\t\t\t\n\t\t\t\n\t\t\t\t\t<\/div>\n\t\t\t\t\t\t<\/div>\n\t\t\t\t<\/div>\n\t\t\t\t<\/div>\n\t\t\t\t\t<\/div>\n\t\t\t\t<\/div>\n\t\t<div class=\"elementor-element elementor-element-70ed5ded elementor-hidden-desktop elementor-hidden-tablet elementor-hidden-mobile e-flex e-con-boxed e-con e-parent\" data-id=\"70ed5ded\" data-element_type=\"container\" data-e-type=\"container\" data-settings=\"{&quot;background_background&quot;:&quot;classic&quot;}\">\n\t\t\t\t\t<div class=\"e-con-inner\">\n\t\t<div class=\"elementor-element elementor-element-5bc3b70f e-con-full elementor-hidden-mobile e-flex e-con e-child\" data-id=\"5bc3b70f\" data-element_type=\"container\" data-e-type=\"container\">\n\t\t\t\t<div class=\"elementor-element elementor-element-6ee741de elementor-widget elementor-widget-tm-heading\" data-id=\"6ee741de\" data-element_type=\"widget\" data-e-type=\"widget\" data-widget_type=\"tm-heading.default\">\n\t\t\t\t<div class=\"elementor-widget-container\">\n\t\t\t\t\t\t\t<div class=\"tm-modern-heading\">\n\t\t\t\n\t\t\t\t\t<div class=\"heading-primary-wrap\">\n\t\t\t<h2 class=\"heading-primary elementor-heading-title\">Konferencat 2023<\/h2>\t\t<\/div>\n\t\t\n\t\t\t\n\t\t\t\t\t<\/div>\n\t\t\t\t\t\t<\/div>\n\t\t\t\t<\/div>\n\t\t\t\t<\/div>\n\t\t<div class=\"elementor-element elementor-element-1945224b e-con-full elementor-hidden-mobile e-flex e-con e-child\" data-id=\"1945224b\" data-element_type=\"container\" data-e-type=\"container\">\n\t\t\t\t<\/div>\n\t\t<div class=\"elementor-element elementor-element-1f83c392 e-con-full e-flex e-con e-child\" data-id=\"1f83c392\" data-element_type=\"container\" data-e-type=\"container\">\n\t\t\t\t<div class=\"elementor-element elementor-element-707a4782 elementor-hidden-mobile elementor-widget elementor-widget-tm-heading\" data-id=\"707a4782\" data-element_type=\"widget\" data-e-type=\"widget\" data-widget_type=\"tm-heading.default\">\n\t\t\t\t<div class=\"elementor-widget-container\">\n\t\t\t\t\t\t\t<div class=\"tm-modern-heading\">\n\t\t\t\n\t\t\t\t\t<div class=\"heading-primary-wrap\">\n\t\t\t<h2 class=\"heading-primary elementor-heading-title\">Konferencat 2022<\/h2>\t\t<\/div>\n\t\t\n\t\t\t\n\t\t\t\t\t<\/div>\n\t\t\t\t\t\t<\/div>\n\t\t\t\t<\/div>\n\t\t\t\t<\/div>\n\t\t<div class=\"elementor-element elementor-element-688de2dd e-con-full e-flex e-con e-child\" data-id=\"688de2dd\" data-element_type=\"container\" data-e-type=\"container\" data-settings=\"{&quot;background_background&quot;:&quot;classic&quot;}\">\n\t\t\t\t<div class=\"elementor-element elementor-element-74e675c1 elementor-widget__width-initial elementor-widget elementor-widget-image\" data-id=\"74e675c1\" data-element_type=\"widget\" data-e-type=\"widget\" data-widget_type=\"image.default\">\n\t\t\t\t<div class=\"elementor-widget-container\">\n\t\t\t\t\t\t\t\t\t\t\t\t\t\t\t\t<a href=\"\/en\/konferencat\/drejt-aspekteve-pedagogjike-te-kompetences-digjitale\/\">\n\t\t\t\t\t\t\t<img fetchpriority=\"high\" decoding=\"async\" width=\"300\" height=\"300\" src=\"https:\/\/ipkmasht.rks-gov.net\/wp-content\/uploads\/2025\/12\/226206824_279860577273957_275840387616997729_n-300x300.jpg\" class=\"attachment-medium size-medium wp-image-8970\" alt=\"\" srcset=\"https:\/\/ipkmasht.rks-gov.net\/wp-content\/uploads\/2025\/12\/226206824_279860577273957_275840387616997729_n-300x300.jpg 300w, https:\/\/ipkmasht.rks-gov.net\/wp-content\/uploads\/2025\/12\/226206824_279860577273957_275840387616997729_n-1024x1024.jpg 1024w, https:\/\/ipkmasht.rks-gov.net\/wp-content\/uploads\/2025\/12\/226206824_279860577273957_275840387616997729_n-150x150.jpg 150w, https:\/\/ipkmasht.rks-gov.net\/wp-content\/uploads\/2025\/12\/226206824_279860577273957_275840387616997729_n-768x768.jpg 768w, https:\/\/ipkmasht.rks-gov.net\/wp-content\/uploads\/2025\/12\/226206824_279860577273957_275840387616997729_n-1536x1536.jpg 1536w, https:\/\/ipkmasht.rks-gov.net\/wp-content\/uploads\/2025\/12\/226206824_279860577273957_275840387616997729_n-12x12.jpg 12w, https:\/\/ipkmasht.rks-gov.net\/wp-content\/uploads\/2025\/12\/226206824_279860577273957_275840387616997729_n.jpg 2048w\" sizes=\"(max-width: 300px) 100vw, 300px\" \/>\t\t\t\t\t\t\t\t<\/a>\n\t\t\t\t\t\t\t\t\t\t\t\t\t\t\t<\/div>\n\t\t\t\t<\/div>\n\t\t\t\t<div class=\"elementor-element elementor-element-7de12e30 elementor-widget elementor-widget-tm-heading\" data-id=\"7de12e30\" data-element_type=\"widget\" data-e-type=\"widget\" data-widget_type=\"tm-heading.default\">\n\t\t\t\t<div class=\"elementor-widget-container\">\n\t\t\t\t\t\t\t<div class=\"tm-modern-heading\">\n\t\t\t\t\t<div class=\"heading-secondary-wrap\">\n\t\t\t<h5 class=\"heading-secondary elementor-heading-title\">Konferenc\u00eb: Drejt aspekteve Pedagogjike t\u00eb kompetenc\u00ebs digjitale<\/h5>\t\t<\/div>\n\t\t\n\t\t\t\n\t\t\t\n\t\t\t\t\t<\/div>\n\t\t\t\t\t\t<\/div>\n\t\t\t\t<\/div>\n\t\t\t\t<\/div>\n\t\t<div class=\"elementor-element elementor-element-6a07fa91 e-con-full e-flex e-con e-child\" data-id=\"6a07fa91\" data-element_type=\"container\" data-e-type=\"container\">\n\t\t\t\t<div class=\"elementor-element elementor-element-3cc7ef79 elementor-hidden-desktop elementor-hidden-tablet elementor-widget elementor-widget-tm-heading\" data-id=\"3cc7ef79\" data-element_type=\"widget\" data-e-type=\"widget\" data-widget_type=\"tm-heading.default\">\n\t\t\t\t<div class=\"elementor-widget-container\">\n\t\t\t\t\t\t\t<div class=\"tm-modern-heading\">\n\t\t\t\n\t\t\t\t\t<div class=\"heading-primary-wrap\">\n\t\t\t<h2 class=\"heading-primary elementor-heading-title\">Konferencat 2022<\/h2>\t\t<\/div>\n\t\t\n\t\t\t\n\t\t\t\t\t<\/div>\n\t\t\t\t\t\t<\/div>\n\t\t\t\t<\/div>\n\t\t\t\t<\/div>\n\t\t<div class=\"elementor-element elementor-element-7decc53d e-con-full e-flex e-con e-child\" data-id=\"7decc53d\" data-element_type=\"container\" data-e-type=\"container\" data-settings=\"{&quot;background_background&quot;:&quot;classic&quot;}\">\n\t\t\t\t<div class=\"elementor-element elementor-element-5e899908 elementor-widget__width-initial elementor-widget elementor-widget-image\" data-id=\"5e899908\" data-element_type=\"widget\" data-e-type=\"widget\" data-widget_type=\"image.default\">\n\t\t\t\t<div class=\"elementor-widget-container\">\n\t\t\t\t\t\t\t\t\t\t\t\t\t\t\t\t<a href=\"\/en\/konferencat\/mbingarkesa-kurrikulare-ndikimi-ne-arritshmerine-e-nxenesve-dhe-mireqenien-e-tyre-e-te-mesimdhenesve\/\">\n\t\t\t\t\t\t\t<img fetchpriority=\"high\" decoding=\"async\" width=\"300\" height=\"300\" src=\"https:\/\/ipkmasht.rks-gov.net\/wp-content\/uploads\/2025\/12\/226206824_279860577273957_275840387616997729_n-300x300.jpg\" class=\"attachment-medium size-medium wp-image-8970\" alt=\"\" srcset=\"https:\/\/ipkmasht.rks-gov.net\/wp-content\/uploads\/2025\/12\/226206824_279860577273957_275840387616997729_n-300x300.jpg 300w, https:\/\/ipkmasht.rks-gov.net\/wp-content\/uploads\/2025\/12\/226206824_279860577273957_275840387616997729_n-1024x1024.jpg 1024w, https:\/\/ipkmasht.rks-gov.net\/wp-content\/uploads\/2025\/12\/226206824_279860577273957_275840387616997729_n-150x150.jpg 150w, https:\/\/ipkmasht.rks-gov.net\/wp-content\/uploads\/2025\/12\/226206824_279860577273957_275840387616997729_n-768x768.jpg 768w, https:\/\/ipkmasht.rks-gov.net\/wp-content\/uploads\/2025\/12\/226206824_279860577273957_275840387616997729_n-1536x1536.jpg 1536w, https:\/\/ipkmasht.rks-gov.net\/wp-content\/uploads\/2025\/12\/226206824_279860577273957_275840387616997729_n-12x12.jpg 12w, https:\/\/ipkmasht.rks-gov.net\/wp-content\/uploads\/2025\/12\/226206824_279860577273957_275840387616997729_n.jpg 2048w\" sizes=\"(max-width: 300px) 100vw, 300px\" \/>\t\t\t\t\t\t\t\t<\/a>\n\t\t\t\t\t\t\t\t\t\t\t\t\t\t\t<\/div>\n\t\t\t\t<\/div>\n\t\t\t\t<div class=\"elementor-element elementor-element-436012d7 elementor-widget elementor-widget-tm-heading\" data-id=\"436012d7\" data-element_type=\"widget\" data-e-type=\"widget\" data-widget_type=\"tm-heading.default\">\n\t\t\t\t<div class=\"elementor-widget-container\">\n\t\t\t\t\t\t\t<div class=\"tm-modern-heading\">\n\t\t\t\t\t<div class=\"heading-secondary-wrap\">\n\t\t\t<h5 class=\"heading-secondary elementor-heading-title\">Konferenc\u00eb: Mbingarkesa kurrikulare, ndikimi n\u00eb arritshm\u00ebrin\u00eb e nx\u00ebn\u00ebsve dhe mir\u00ebqenien e tyre e t\u00eb m\u00ebsimdh\u00ebn\u00ebsve<\/h5>\t\t<\/div>\n\t\t\n\t\t\t\n\t\t\t\n\t\t\t\t\t<\/div>\n\t\t\t\t\t\t<\/div>\n\t\t\t\t<\/div>\n\t\t\t\t<\/div>\n\t\t\t\t\t<\/div>\n\t\t\t\t<\/div>\n\t\t<div class=\"elementor-element elementor-element-7214dde2 elementor-hidden-desktop elementor-hidden-tablet elementor-hidden-mobile e-flex e-con-boxed e-con e-parent\" data-id=\"7214dde2\" data-element_type=\"container\" data-e-type=\"container\" data-settings=\"{&quot;background_background&quot;:&quot;classic&quot;}\">\n\t\t\t\t\t<div class=\"e-con-inner\">\n\t\t<div class=\"elementor-element elementor-element-42309c97 e-con-full e-flex e-con e-child\" data-id=\"42309c97\" data-element_type=\"container\" data-e-type=\"container\">\n\t\t\t\t<div class=\"elementor-element elementor-element-29d0c1e5 elementor-hidden-mobile elementor-widget elementor-widget-tm-heading\" data-id=\"29d0c1e5\" data-element_type=\"widget\" data-e-type=\"widget\" data-widget_type=\"tm-heading.default\">\n\t\t\t\t<div class=\"elementor-widget-container\">\n\t\t\t\t\t\t\t<div class=\"tm-modern-heading\">\n\t\t\t\n\t\t\t\t\t<div class=\"heading-primary-wrap\">\n\t\t\t<h2 class=\"heading-primary elementor-heading-title\">Konferencat 2021<\/h2>\t\t<\/div>\n\t\t\n\t\t\t\n\t\t\t\t\t<\/div>\n\t\t\t\t\t\t<\/div>\n\t\t\t\t<\/div>\n\t\t\t\t<\/div>\n\t\t<div class=\"elementor-element elementor-element-2d5c015e e-con-full e-flex e-con e-child\" data-id=\"2d5c015e\" data-element_type=\"container\" data-e-type=\"container\">\n\t\t\t\t<\/div>\n\t\t<div class=\"elementor-element elementor-element-2df9f1c8 e-con-full e-flex e-con e-child\" data-id=\"2df9f1c8\" data-element_type=\"container\" data-e-type=\"container\">\n\t\t\t\t<div class=\"elementor-element elementor-element-20f29771 elementor-hidden-mobile elementor-widget elementor-widget-tm-heading\" data-id=\"20f29771\" data-element_type=\"widget\" data-e-type=\"widget\" data-widget_type=\"tm-heading.default\">\n\t\t\t\t<div class=\"elementor-widget-container\">\n\t\t\t\t\t\t\t<div class=\"tm-modern-heading\">\n\t\t\t\n\t\t\t\t\t<div class=\"heading-primary-wrap\">\n\t\t\t<h2 class=\"heading-primary elementor-heading-title\">Konferencat 2020<\/h2>\t\t<\/div>\n\t\t\n\t\t\t\n\t\t\t\t\t<\/div>\n\t\t\t\t\t\t<\/div>\n\t\t\t\t<\/div>\n\t\t\t\t<\/div>\n\t\t<div class=\"elementor-element elementor-element-350b6d1d e-con-full e-flex e-con e-child\" data-id=\"350b6d1d\" data-element_type=\"container\" data-e-type=\"container\" data-settings=\"{&quot;background_background&quot;:&quot;classic&quot;}\">\n\t\t\t\t<div class=\"elementor-element elementor-element-24d185f4 elementor-widget__width-initial elementor-widget elementor-widget-image\" data-id=\"24d185f4\" data-element_type=\"widget\" data-e-type=\"widget\" data-widget_type=\"image.default\">\n\t\t\t\t<div class=\"elementor-widget-container\">\n\t\t\t\t\t\t\t\t\t\t\t\t\t\t\t\t<a href=\"\/en\/konferencat\/ndikimi-i-covid-19-ne-humbjet-mesimore-pasoja-ne-rritjen-e-pabarazive-ne-mesim-dhe-sfidat-e-permbushjes-kompensimit\/\">\n\t\t\t\t\t\t\t<img fetchpriority=\"high\" decoding=\"async\" width=\"300\" height=\"300\" src=\"https:\/\/ipkmasht.rks-gov.net\/wp-content\/uploads\/2025\/12\/226206824_279860577273957_275840387616997729_n-300x300.jpg\" class=\"attachment-medium size-medium wp-image-8970\" alt=\"\" srcset=\"https:\/\/ipkmasht.rks-gov.net\/wp-content\/uploads\/2025\/12\/226206824_279860577273957_275840387616997729_n-300x300.jpg 300w, https:\/\/ipkmasht.rks-gov.net\/wp-content\/uploads\/2025\/12\/226206824_279860577273957_275840387616997729_n-1024x1024.jpg 1024w, https:\/\/ipkmasht.rks-gov.net\/wp-content\/uploads\/2025\/12\/226206824_279860577273957_275840387616997729_n-150x150.jpg 150w, https:\/\/ipkmasht.rks-gov.net\/wp-content\/uploads\/2025\/12\/226206824_279860577273957_275840387616997729_n-768x768.jpg 768w, https:\/\/ipkmasht.rks-gov.net\/wp-content\/uploads\/2025\/12\/226206824_279860577273957_275840387616997729_n-1536x1536.jpg 1536w, https:\/\/ipkmasht.rks-gov.net\/wp-content\/uploads\/2025\/12\/226206824_279860577273957_275840387616997729_n-12x12.jpg 12w, https:\/\/ipkmasht.rks-gov.net\/wp-content\/uploads\/2025\/12\/226206824_279860577273957_275840387616997729_n.jpg 2048w\" sizes=\"(max-width: 300px) 100vw, 300px\" \/>\t\t\t\t\t\t\t\t<\/a>\n\t\t\t\t\t\t\t\t\t\t\t\t\t\t\t<\/div>\n\t\t\t\t<\/div>\n\t\t\t\t<div class=\"elementor-element elementor-element-698138ae elementor-widget elementor-widget-tm-heading\" data-id=\"698138ae\" data-element_type=\"widget\" data-e-type=\"widget\" data-widget_type=\"tm-heading.default\">\n\t\t\t\t<div class=\"elementor-widget-container\">\n\t\t\t\t\t\t\t<div class=\"tm-modern-heading\">\n\t\t\t\t\t<div class=\"heading-secondary-wrap\">\n\t\t\t<h5 class=\"heading-secondary elementor-heading-title\">Konferenc\u00eb: Ndikimi i COVID-19 n\u00eb humbjet m\u00ebsimore, pasoja n\u00eb rritjen e pabarazive n\u00eb m\u00ebsim dhe sfidat e p\u00ebrmbushjes\/kompensimit\n<\/h5>\t\t<\/div>\n\t\t\n\t\t\t\n\t\t\t\n\t\t\t\t\t<\/div>\n\t\t\t\t\t\t<\/div>\n\t\t\t\t<\/div>\n\t\t\t\t<\/div>\n\t\t<div class=\"elementor-element elementor-element-17b2fb80 e-con-full e-flex e-con e-child\" data-id=\"17b2fb80\" data-element_type=\"container\" data-e-type=\"container\">\n\t\t\t\t<div class=\"elementor-element elementor-element-708a13e1 elementor-hidden-desktop elementor-hidden-tablet elementor-widget elementor-widget-tm-heading\" data-id=\"708a13e1\" data-element_type=\"widget\" data-e-type=\"widget\" data-widget_type=\"tm-heading.default\">\n\t\t\t\t<div class=\"elementor-widget-container\">\n\t\t\t\t\t\t\t<div class=\"tm-modern-heading\">\n\t\t\t\n\t\t\t\t\t<div class=\"heading-primary-wrap\">\n\t\t\t<h2 class=\"heading-primary elementor-heading-title\">Konferencat 2020<\/h2>\t\t<\/div>\n\t\t\n\t\t\t\n\t\t\t\t\t<\/div>\n\t\t\t\t\t\t<\/div>\n\t\t\t\t<\/div>\n\t\t\t\t<\/div>\n\t\t<div class=\"elementor-element elementor-element-4b8048e7 e-con-full e-flex e-con e-child\" data-id=\"4b8048e7\" data-element_type=\"container\" data-e-type=\"container\" data-settings=\"{&quot;background_background&quot;:&quot;classic&quot;}\">\n\t\t\t\t<div class=\"elementor-element elementor-element-2d8679fa elementor-widget__width-initial elementor-widget elementor-widget-image\" data-id=\"2d8679fa\" data-element_type=\"widget\" data-e-type=\"widget\" data-widget_type=\"image.default\">\n\t\t\t\t<div class=\"elementor-widget-container\">\n\t\t\t\t\t\t\t\t\t\t\t\t\t\t\t\t<a href=\"\/wp-content\/uploads\/2021\/09\/Publikimi-Konferenca-2020-2-shtator-2021.pdf\">\n\t\t\t\t\t\t\t<img fetchpriority=\"high\" decoding=\"async\" width=\"300\" height=\"300\" src=\"https:\/\/ipkmasht.rks-gov.net\/wp-content\/uploads\/2025\/12\/226206824_279860577273957_275840387616997729_n-300x300.jpg\" class=\"attachment-medium size-medium wp-image-8970\" alt=\"\" srcset=\"https:\/\/ipkmasht.rks-gov.net\/wp-content\/uploads\/2025\/12\/226206824_279860577273957_275840387616997729_n-300x300.jpg 300w, https:\/\/ipkmasht.rks-gov.net\/wp-content\/uploads\/2025\/12\/226206824_279860577273957_275840387616997729_n-1024x1024.jpg 1024w, https:\/\/ipkmasht.rks-gov.net\/wp-content\/uploads\/2025\/12\/226206824_279860577273957_275840387616997729_n-150x150.jpg 150w, https:\/\/ipkmasht.rks-gov.net\/wp-content\/uploads\/2025\/12\/226206824_279860577273957_275840387616997729_n-768x768.jpg 768w, https:\/\/ipkmasht.rks-gov.net\/wp-content\/uploads\/2025\/12\/226206824_279860577273957_275840387616997729_n-1536x1536.jpg 1536w, https:\/\/ipkmasht.rks-gov.net\/wp-content\/uploads\/2025\/12\/226206824_279860577273957_275840387616997729_n-12x12.jpg 12w, https:\/\/ipkmasht.rks-gov.net\/wp-content\/uploads\/2025\/12\/226206824_279860577273957_275840387616997729_n.jpg 2048w\" sizes=\"(max-width: 300px) 100vw, 300px\" \/>\t\t\t\t\t\t\t\t<\/a>\n\t\t\t\t\t\t\t\t\t\t\t\t\t\t\t<\/div>\n\t\t\t\t<\/div>\n\t\t\t\t<div class=\"elementor-element elementor-element-5f01e0f5 elementor-widget elementor-widget-tm-heading\" data-id=\"5f01e0f5\" data-element_type=\"widget\" data-e-type=\"widget\" data-widget_type=\"tm-heading.default\">\n\t\t\t\t<div class=\"elementor-widget-container\">\n\t\t\t\t\t\t\t<div class=\"tm-modern-heading\">\n\t\t\t\t\t<div class=\"heading-secondary-wrap\">\n\t\t\t<h5 class=\"heading-secondary elementor-heading-title\">Konferenc\u00eb Shkencore Nd\u00ebrkomb\u00ebtare: Cil\u00ebsia e arsimit parauniversitar n\u00eb Kosov\u00eb dhe kahet e zhvillimit<\/h5>\t\t<\/div>\n\t\t\n\t\t\t\n\t\t\t\n\t\t\t\t\t<\/div>\n\t\t\t\t\t\t<\/div>\n\t\t\t\t<\/div>\n\t\t\t\t<\/div>\n\t\t\t\t\t<\/div>\n\t\t\t\t<\/div>\n\t\t<div class=\"elementor-element elementor-element-e9c1538 e-flex e-con-boxed e-con e-parent\" data-id=\"e9c1538\" data-element_type=\"container\" data-e-type=\"container\" data-settings=\"{&quot;background_background&quot;:&quot;classic&quot;}\">\n\t\t\t\t\t<div class=\"e-con-inner\">\n\t\t\t\t<div class=\"elementor-element elementor-element-8a45d17 elementor-widget elementor-widget-shortcode\" data-id=\"8a45d17\" data-element_type=\"widget\" data-e-type=\"widget\" data-widget_type=\"shortcode.default\">\n\t\t\t\t<div class=\"elementor-widget-container\">\n\t\t\t\t\t\t\t<div class=\"elementor-shortcode\">    <div class=\"conference-archive\">\n        <div class=\"conference-years-grid\">\n                            <section class=\"conference-year-block\">\n                    <h2 class=\"conference-year-title\">Konferenca 2026<\/h2>\n\n                    <div class=\"conference-grid\">\n                                                    <article class=\"conference-card\">\n                                <a href=\"https:\/\/ipkmasht.rks-gov.net\/en\/professional-development-of-teachers-in-career-practices-challenges-and-opportunities\/\" class=\"conference-card-link\">\n                                    <div class=\"conference-card-bottom\">\n                                        <div class=\"conference-card-bottom-image\">\n                                            <img decoding=\"async\" src=\"https:\/\/ipkmasht.rks-gov.net\/wp-content\/uploads\/2025\/12\/226206824_279860577273957_275840387616997729_n-300x300.jpg\" alt=\"Professional development of teachers in career: practices, challenges and opportunities\">\n                                        <\/div>\n\n                                        <div class=\"conference-card-bottom-content\">\n                                            <h5 class=\"conference-card-title\">\n                                                Professional development of teachers in career: practices, challenges and opportunities                                            <\/h5>\n                                        <\/div>\n                                    <\/div>\n                                <\/a>\n                            <\/article>\n                                            <\/div>\n                <\/section>\n                    <\/div>\n    <\/div>\n    <\/div>\n\t\t\t\t\t\t<\/div>\n\t\t\t\t<\/div>\n\t\t\t\t\t<\/div>\n\t\t\t\t<\/div>\n\t\t\t\t<\/div>","protected":false},"excerpt":{"rendered":"<p>Konferencat 2026 Zhvillimi profesional i m\u00ebsimdh\u00ebn\u00ebsve n\u00eb karrier\u00eb: praktikat, sfidat dhe mund\u00ebsit\u00eb Konferencat 2025 Konferencat 2024 Arsimi gjat\u00eb gjith\u00eb jet\u00ebs: qasje gjith\u00ebp\u00ebrfshir\u00ebse nga f\u00ebmij\u00ebria e hershme deri tek arsimi profesional Konferencat 2024 Vler\u00ebsimet komb\u00ebtare dhe nd\u00ebrkomb\u00ebtare n\u00eb arsimin parauniversitar n\u00eb Kosov\u00eb: p\u00ebrvojat dhe perspektiva p\u00ebr t\u00eb ardhmen Konferencat 2023 Konferencat 2022 Konferenc\u00eb: Drejt aspekteve Pedagogjike t\u00eb kompetenc\u00ebs digjitale Konferencat 2022 Konferenc\u00eb: Mbingarkesa kurrikulare, ndikimi n\u00eb arritshm\u00ebrin\u00eb e nx\u00ebn\u00ebsve dhe mir\u00ebqenien e tyre e t\u00eb m\u00ebsimdh\u00ebn\u00ebsve Konferencat 2021 Konferencat 2020 Konferenc\u00eb: Ndikimi i COVID-19 n\u00eb humbjet m\u00ebsimore, pasoja n\u00eb rritjen e pabarazive n\u00eb m\u00ebsim dhe sfidat e p\u00ebrmbushjes\/kompensimit Konferencat 2020 Konferenc\u00eb Shkencore Nd\u00ebrkomb\u00ebtare: Cil\u00ebsia e arsimit parauniversitar n\u00eb Kosov\u00eb dhe kahet e zhvillimit<\/p>","protected":false},"author":1,"featured_media":0,"parent":0,"menu_order":0,"comment_status":"closed","ping_status":"closed","template":"","meta":{"footnotes":""},"class_list":["post-9817","page","type-page","status-publish","hentry","post-no-thumbnail"],"acf":[],"yoast_head":"<!-- This site is optimized with the Yoast SEO plugin v23.9 - https:\/\/yoast.com\/wordpress\/plugins\/seo\/ -->\n<title>Conferences - Instituti Pedagogjik i Kosov\u00ebs<\/title>\n<meta name=\"robots\" content=\"index, follow, max-snippet:-1, max-image-preview:large, max-video-preview:-1\" \/>\n<link rel=\"canonical\" href=\"https:\/\/ipkmasht.rks-gov.net\/en\/konferencat-2\/\" \/>\n<meta property=\"og:locale\" content=\"en_US\" \/>\n<meta property=\"og:type\" content=\"article\" \/>\n<meta property=\"og:title\" content=\"Conferences - Instituti Pedagogjik i Kosov\u00ebs\" \/>\n<meta property=\"og:url\" content=\"https:\/\/ipkmasht.rks-gov.net\/en\/konferencat-2\/\" \/>\n<meta property=\"og:site_name\" content=\"Instituti Pedagogjik i Kosov\u00ebs\" \/>\n<meta property=\"article:publisher\" content=\"https:\/\/www.facebook.com\/Instituti-Pedagogjik-i-Kosoves-101758021389817\" \/>\n<meta property=\"article:modified_time\" content=\"2026-04-02T10:13:30+00:00\" \/>\n<meta property=\"og:image\" content=\"https:\/\/ipkmasht.rks-gov.net\/wp-content\/uploads\/2025\/12\/226206824_279860577273957_275840387616997729_n-300x300.jpg\" \/>\n<meta name=\"twitter:card\" content=\"summary_large_image\" \/>\n<meta name=\"twitter:label1\" content=\"Est. reading time\" \/>\n\t<meta name=\"twitter:data1\" content=\"3 minutes\" \/>\n<script type=\"application\/ld+json\" class=\"yoast-schema-graph\">{\"@context\":\"https:\/\/schema.org\",\"@graph\":[{\"@type\":\"WebPage\",\"@id\":\"https:\/\/ipkmasht.rks-gov.net\/en\/konferencat-2\/\",\"url\":\"https:\/\/ipkmasht.rks-gov.net\/en\/konferencat-2\/\",\"name\":\"Conferences - Instituti Pedagogjik i Kosov\u00ebs\",\"isPartOf\":{\"@id\":\"https:\/\/ipkmasht.rks-gov.net\/#website\"},\"primaryImageOfPage\":{\"@id\":\"https:\/\/ipkmasht.rks-gov.net\/en\/konferencat-2\/#primaryimage\"},\"image\":{\"@id\":\"https:\/\/ipkmasht.rks-gov.net\/en\/konferencat-2\/#primaryimage\"},\"thumbnailUrl\":\"https:\/\/ipkmasht.rks-gov.net\/wp-content\/uploads\/2025\/12\/226206824_279860577273957_275840387616997729_n-300x300.jpg\",\"datePublished\":\"2025-12-18T13:00:56+00:00\",\"dateModified\":\"2026-04-02T10:13:30+00:00\",\"breadcrumb\":{\"@id\":\"https:\/\/ipkmasht.rks-gov.net\/en\/konferencat-2\/#breadcrumb\"},\"inLanguage\":\"en-US\",\"potentialAction\":[{\"@type\":\"ReadAction\",\"target\":[\"https:\/\/ipkmasht.rks-gov.net\/en\/konferencat-2\/\"]}]},{\"@type\":\"ImageObject\",\"inLanguage\":\"en-US\",\"@id\":\"https:\/\/ipkmasht.rks-gov.net\/en\/konferencat-2\/#primaryimage\",\"url\":\"https:\/\/ipkmasht.rks-gov.net\/wp-content\/uploads\/2025\/12\/226206824_279860577273957_275840387616997729_n-300x300.jpg\",\"contentUrl\":\"https:\/\/ipkmasht.rks-gov.net\/wp-content\/uploads\/2025\/12\/226206824_279860577273957_275840387616997729_n-300x300.jpg\"},{\"@type\":\"BreadcrumbList\",\"@id\":\"https:\/\/ipkmasht.rks-gov.net\/en\/konferencat-2\/#breadcrumb\",\"itemListElement\":[{\"@type\":\"ListItem\",\"position\":1,\"name\":\"Home\",\"item\":\"https:\/\/ipkmasht.rks-gov.net\/en\/\"},{\"@type\":\"ListItem\",\"position\":2,\"name\":\"Conferences\"}]},{\"@type\":\"WebSite\",\"@id\":\"https:\/\/ipkmasht.rks-gov.net\/#website\",\"url\":\"https:\/\/ipkmasht.rks-gov.net\/\",\"name\":\"Instituti Pedagogjik i Kosov\u00ebs\",\"description\":\"Cil\u00ebsia e arsimit \u00ebsht\u00eb prioritet\",\"publisher\":{\"@id\":\"https:\/\/ipkmasht.rks-gov.net\/#organization\"},\"potentialAction\":[{\"@type\":\"SearchAction\",\"target\":{\"@type\":\"EntryPoint\",\"urlTemplate\":\"https:\/\/ipkmasht.rks-gov.net\/?s={search_term_string}\"},\"query-input\":{\"@type\":\"PropertyValueSpecification\",\"valueRequired\":true,\"valueName\":\"search_term_string\"}}],\"inLanguage\":\"en-US\"},{\"@type\":\"Organization\",\"@id\":\"https:\/\/ipkmasht.rks-gov.net\/#organization\",\"name\":\"Instituti Pedagogjik i Kosov\u00ebs\",\"url\":\"https:\/\/ipkmasht.rks-gov.net\/\",\"logo\":{\"@type\":\"ImageObject\",\"inLanguage\":\"en-US\",\"@id\":\"https:\/\/ipkmasht.rks-gov.net\/#\/schema\/logo\/image\/\",\"url\":\"https:\/\/ipkmasht.rks-gov.net\/wp-content\/uploads\/2020\/12\/Untitled-2differentlogo.png\",\"contentUrl\":\"https:\/\/ipkmasht.rks-gov.net\/wp-content\/uploads\/2020\/12\/Untitled-2differentlogo.png\",\"width\":604,\"height\":398,\"caption\":\"Instituti Pedagogjik i Kosov\u00ebs\"},\"image\":{\"@id\":\"https:\/\/ipkmasht.rks-gov.net\/#\/schema\/logo\/image\/\"},\"sameAs\":[\"https:\/\/www.facebook.com\/Instituti-Pedagogjik-i-Kosoves-101758021389817\"]}]}<\/script>\n<!-- \/ Yoast SEO plugin. -->","yoast_head_json":{"title":"Conferences - Instituti Pedagogjik i Kosov\u00ebs","robots":{"index":"index","follow":"follow","max-snippet":"max-snippet:-1","max-image-preview":"max-image-preview:large","max-video-preview":"max-video-preview:-1"},"canonical":"https:\/\/ipkmasht.rks-gov.net\/en\/konferencat-2\/","og_locale":"en_US","og_type":"article","og_title":"Conferences - Instituti Pedagogjik i Kosov\u00ebs","og_url":"https:\/\/ipkmasht.rks-gov.net\/en\/konferencat-2\/","og_site_name":"Instituti Pedagogjik i Kosov\u00ebs","article_publisher":"https:\/\/www.facebook.com\/Instituti-Pedagogjik-i-Kosoves-101758021389817","article_modified_time":"2026-04-02T10:13:30+00:00","og_image":[{"url":"https:\/\/ipkmasht.rks-gov.net\/wp-content\/uploads\/2025\/12\/226206824_279860577273957_275840387616997729_n-300x300.jpg"}],"twitter_card":"summary_large_image","twitter_misc":{"Est. reading time":"3 minutes"},"schema":{"@context":"https:\/\/schema.org","@graph":[{"@type":"WebPage","@id":"https:\/\/ipkmasht.rks-gov.net\/en\/konferencat-2\/","url":"https:\/\/ipkmasht.rks-gov.net\/en\/konferencat-2\/","name":"Conferences - Instituti Pedagogjik i Kosov\u00ebs","isPartOf":{"@id":"https:\/\/ipkmasht.rks-gov.net\/#website"},"primaryImageOfPage":{"@id":"https:\/\/ipkmasht.rks-gov.net\/en\/konferencat-2\/#primaryimage"},"image":{"@id":"https:\/\/ipkmasht.rks-gov.net\/en\/konferencat-2\/#primaryimage"},"thumbnailUrl":"https:\/\/ipkmasht.rks-gov.net\/wp-content\/uploads\/2025\/12\/226206824_279860577273957_275840387616997729_n-300x300.jpg","datePublished":"2025-12-18T13:00:56+00:00","dateModified":"2026-04-02T10:13:30+00:00","breadcrumb":{"@id":"https:\/\/ipkmasht.rks-gov.net\/en\/konferencat-2\/#breadcrumb"},"inLanguage":"en-US","potentialAction":[{"@type":"ReadAction","target":["https:\/\/ipkmasht.rks-gov.net\/en\/konferencat-2\/"]}]},{"@type":"ImageObject","inLanguage":"en-US","@id":"https:\/\/ipkmasht.rks-gov.net\/en\/konferencat-2\/#primaryimage","url":"https:\/\/ipkmasht.rks-gov.net\/wp-content\/uploads\/2025\/12\/226206824_279860577273957_275840387616997729_n-300x300.jpg","contentUrl":"https:\/\/ipkmasht.rks-gov.net\/wp-content\/uploads\/2025\/12\/226206824_279860577273957_275840387616997729_n-300x300.jpg"},{"@type":"BreadcrumbList","@id":"https:\/\/ipkmasht.rks-gov.net\/en\/konferencat-2\/#breadcrumb","itemListElement":[{"@type":"ListItem","position":1,"name":"Home","item":"https:\/\/ipkmasht.rks-gov.net\/en\/"},{"@type":"ListItem","position":2,"name":"Conferences"}]},{"@type":"WebSite","@id":"https:\/\/ipkmasht.rks-gov.net\/#website","url":"https:\/\/ipkmasht.rks-gov.net\/","name":"Kosovo Pedagogical Institute","description":"Cil\u00ebsia e arsimit \u00ebsht\u00eb prioritet","publisher":{"@id":"https:\/\/ipkmasht.rks-gov.net\/#organization"},"potentialAction":[{"@type":"SearchAction","target":{"@type":"EntryPoint","urlTemplate":"https:\/\/ipkmasht.rks-gov.net\/?s={search_term_string}"},"query-input":{"@type":"PropertyValueSpecification","valueRequired":true,"valueName":"search_term_string"}}],"inLanguage":"en-US"},{"@type":"Organization","@id":"https:\/\/ipkmasht.rks-gov.net\/#organization","name":"Kosovo Pedagogical Institute","url":"https:\/\/ipkmasht.rks-gov.net\/","logo":{"@type":"ImageObject","inLanguage":"en-US","@id":"https:\/\/ipkmasht.rks-gov.net\/#\/schema\/logo\/image\/","url":"https:\/\/ipkmasht.rks-gov.net\/wp-content\/uploads\/2020\/12\/Untitled-2differentlogo.png","contentUrl":"https:\/\/ipkmasht.rks-gov.net\/wp-content\/uploads\/2020\/12\/Untitled-2differentlogo.png","width":604,"height":398,"caption":"Instituti Pedagogjik i Kosov\u00ebs"},"image":{"@id":"https:\/\/ipkmasht.rks-gov.net\/#\/schema\/logo\/image\/"},"sameAs":["https:\/\/www.facebook.com\/Instituti-Pedagogjik-i-Kosoves-101758021389817"]}]}},"_links":{"self":[{"href":"https:\/\/ipkmasht.rks-gov.net\/en\/wp-json\/wp\/v2\/pages\/9817"}],"collection":[{"href":"https:\/\/ipkmasht.rks-gov.net\/en\/wp-json\/wp\/v2\/pages"}],"about":[{"href":"https:\/\/ipkmasht.rks-gov.net\/en\/wp-json\/wp\/v2\/types\/page"}],"author":[{"embeddable":true,"href":"https:\/\/ipkmasht.rks-gov.net\/en\/wp-json\/wp\/v2\/users\/1"}],"replies":[{"embeddable":true,"href":"https:\/\/ipkmasht.rks-gov.net\/en\/wp-json\/wp\/v2\/comments?post=9817"}],"version-history":[{"count":1,"href":"https:\/\/ipkmasht.rks-gov.net\/en\/wp-json\/wp\/v2\/pages\/9817\/revisions"}],"predecessor-version":[{"id":9818,"href":"https:\/\/ipkmasht.rks-gov.net\/en\/wp-json\/wp\/v2\/pages\/9817\/revisions\/9818"}],"wp:attachment":[{"href":"https:\/\/ipkmasht.rks-gov.net\/en\/wp-json\/wp\/v2\/media?parent=9817"}],"curies":[{"name":"wp","href":"https:\/\/api.w.org\/{rel}","templated":true}]}}